{"id":38687,"date":"2017-10-05T08:15:42","date_gmt":"2017-10-05T06:15:42","guid":{"rendered":"http:\/\/better-retreats.com\/greentools\/produkter\/felco-640-grensav-buet-klinge\/"},"modified":"2019-11-12T20:33:42","modified_gmt":"2019-11-12T19:33:42","slug":"felco-640-grensaag-bojd-klinga","status":"publish","type":"product","link":"https:\/\/greentools.dk\/sv\/produkt\/felco-640-grensaag-bojd-klinga\/","title":{"rendered":"Felco 640 grens\u00e5g med b\u00f6jd klinga"},"content":{"rendered":"<p>Felco 640 grens\u00e5g, \u00e4r en videreutveckling av de v\u00e4lk\u00e4nda grens\u00e5garna fr\u00e5n Felco i Schweiz. Felco 640 \u00e4r utstyrd med en l\u00e4tt b\u00f6jd s\u00e5gklinga, som underl\u00e4ttar avs\u00e5gning av kraftiga och sv\u00e5ra grenar. Precis som de \u00f6vriga grens\u00e5garna fr\u00e5n Felco, \u00e4r denna s\u00e5g udstyrd med en h\u00e5rd f\u00f6rkromad s\u00e5gklinga, som ger en alldeles speciell h\u00e5llbarhet och sk\u00e4rpa. Handtaget \u00e4r tillverkat av st\u00f6ts\u00e4kert material med non-slip \u00f6verdrag, som s\u00e4krar ett bra grepp \u00e4ven under fuktiga f\u00f6rh\u00e5llanden. Felco 640 \u00e4r designad s\u00e5 att den endast sk\u00e4r, n\u00e4r du drar s\u00e5gen mot dig. Detta underl\u00e4ttar avs\u00e5gning av h\u00f6gt sittande grenar, samt minskar risken f\u00f6r att s\u00e5gen s\u00e4tter sig fast i snittet. Det f\u00f6ljer ett gediget fodral med, som enkelt kan s\u00e4ttas fast i ett b\u00e4lte. Alla grens\u00e5garna fr\u00e5n schweiziska Felco, \u00e4r tillverkade av kvalitetss\u00e4kra material, vilket garanterar optimala anv\u00e4ndaregenskaper och l\u00e5ng h\u00e5llbarhet under alla t\u00e4nkliga v\u00e4derleksf\u00f6rh\u00e5llanden. Alla delar p\u00e5 Felco 640 \u00e4r utbytbara.<\/p>\n<p>Klinga l\u00e4ngd: 27 cm<br \/>\nTotall\u00e4ngd: 43,7 cm<br \/>\nVikt: 365 g<\/p>\n","protected":false},"excerpt":{"rendered":"<p>Kvalitetsgrens\u00e5g fr\u00e5n Felco i Schweiz med b\u00f6jd s\u00e5gklinga.<\/p>\n","protected":false},"featured_media":38672,"template":"","meta":{"_acf_changed":false},"product_brand":[],"product_cat":[284],"product_tag":[],"class_list":{"0":"post-38687","1":"product","2":"type-product","3":"status-publish","4":"has-post-thumbnail","6":"product_cat-felco-grensaagar","7":"description-off","9":"first","10":"instock","11":"taxable","12":"shipping-taxable","13":"purchasable","14":"product-type-simple"},"acf":[],"yoast_head":"<!-- This site is optimized with the Yoast SEO plugin v27.5 - https:\/\/yoast.com\/product\/yoast-seo-wordpress\/ -->\n<title>Felco kvalitets grens\u00e5g 640 med b\u00f6jd klinge<\/title>\n<meta name=\"description\" content=\"Felco grens\u00e5g 640 \u00e4r tillverkad i Schweiz och i tillverkningen anv\u00e4nds endast h\u00f6gkvalitativa material. Med en Felco grens\u00e5g 640 har du ett verktyg i enast\u00e5ende kvalitet.\" \/>\n<meta name=\"robots\" content=\"index, follow, max-snippet:-1, max-image-preview:large, max-video-preview:-1\" \/>\n<link rel=\"canonical\" href=\"https:\/\/greentools.dk\/sv\/produkt\/felco-640-grensaag-bojd-klinga\/\" \/>\n<meta property=\"og:locale\" content=\"sv_SE\" \/>\n<meta property=\"og:type\" content=\"article\" \/>\n<meta property=\"og:title\" content=\"Felco kvalitets grens\u00e5g 640 med b\u00f6jd klinge\" \/>\n<meta property=\"og:description\" content=\"Felco grens\u00e5g 640 \u00e4r tillverkad i Schweiz och i tillverkningen anv\u00e4nds endast h\u00f6gkvalitativa material. Med en Felco grens\u00e5g 640 har du ett verktyg i enast\u00e5ende kvalitet.\" \/>\n<meta property=\"og:url\" content=\"https:\/\/greentools.dk\/sv\/produkt\/felco-640-grensaag-bojd-klinga\/\" \/>\n<meta property=\"og:site_name\" content=\"Greentools\" \/>\n<meta property=\"article:modified_time\" content=\"2019-11-12T19:33:42+00:00\" \/>\n<meta property=\"og:image\" content=\"https:\/\/greentools.dk\/wp-content\/uploads\/2017\/10\/Felco-640-grensav.jpg\" \/>\n\t<meta property=\"og:image:width\" content=\"1150\" \/>\n\t<meta property=\"og:image:height\" content=\"1150\" \/>\n\t<meta property=\"og:image:type\" content=\"image\/jpeg\" \/>\n<meta name=\"twitter:card\" content=\"summary_large_image\" \/>\n<meta name=\"twitter:label1\" content=\"Ber\u00e4knad l\u00e4stid\" \/>\n\t<meta name=\"twitter:data1\" content=\"1 minut\" \/>\n<script type=\"application\/ld+json\" class=\"yoast-schema-graph\">{\"@context\":\"https:\\\/\\\/schema.org\",\"@graph\":[{\"@type\":\"WebPage\",\"@id\":\"https:\\\/\\\/greentools.dk\\\/sv\\\/produkt\\\/felco-640-grensaag-bojd-klinga\\\/\",\"url\":\"https:\\\/\\\/greentools.dk\\\/sv\\\/produkt\\\/felco-640-grensaag-bojd-klinga\\\/\",\"name\":\"Felco kvalitets grens\u00e5g 640 med b\u00f6jd klinge\",\"isPartOf\":{\"@id\":\"https:\\\/\\\/greentools.dk\\\/sv\\\/#website\"},\"primaryImageOfPage\":{\"@id\":\"https:\\\/\\\/greentools.dk\\\/sv\\\/produkt\\\/felco-640-grensaag-bojd-klinga\\\/#primaryimage\"},\"image\":{\"@id\":\"https:\\\/\\\/greentools.dk\\\/sv\\\/produkt\\\/felco-640-grensaag-bojd-klinga\\\/#primaryimage\"},\"thumbnailUrl\":\"https:\\\/\\\/greentools.dk\\\/wp-content\\\/uploads\\\/2017\\\/10\\\/Felco-640-grensav.jpg\",\"datePublished\":\"2017-10-05T06:15:42+00:00\",\"dateModified\":\"2019-11-12T19:33:42+00:00\",\"description\":\"Felco grens\u00e5g 640 \u00e4r tillverkad i Schweiz och i tillverkningen anv\u00e4nds endast h\u00f6gkvalitativa material. Med en Felco grens\u00e5g 640 har du ett verktyg i enast\u00e5ende kvalitet.\",\"breadcrumb\":{\"@id\":\"https:\\\/\\\/greentools.dk\\\/sv\\\/produkt\\\/felco-640-grensaag-bojd-klinga\\\/#breadcrumb\"},\"inLanguage\":\"sv-SE\",\"potentialAction\":[{\"@type\":\"ReadAction\",\"target\":[\"https:\\\/\\\/greentools.dk\\\/sv\\\/produkt\\\/felco-640-grensaag-bojd-klinga\\\/\"]}]},{\"@type\":\"ImageObject\",\"inLanguage\":\"sv-SE\",\"@id\":\"https:\\\/\\\/greentools.dk\\\/sv\\\/produkt\\\/felco-640-grensaag-bojd-klinga\\\/#primaryimage\",\"url\":\"https:\\\/\\\/greentools.dk\\\/wp-content\\\/uploads\\\/2017\\\/10\\\/Felco-640-grensav.jpg\",\"contentUrl\":\"https:\\\/\\\/greentools.dk\\\/wp-content\\\/uploads\\\/2017\\\/10\\\/Felco-640-grensav.jpg\",\"width\":1150,\"height\":1150,\"caption\":\"Felco 640 grensav med buet sk\u00e6r\"},{\"@type\":\"BreadcrumbList\",\"@id\":\"https:\\\/\\\/greentools.dk\\\/sv\\\/produkt\\\/felco-640-grensaag-bojd-klinga\\\/#breadcrumb\",\"itemListElement\":[{\"@type\":\"ListItem\",\"position\":1,\"name\":\"Hjem\",\"item\":\"https:\\\/\\\/greentools.dk\\\/sv\\\/\"},{\"@type\":\"ListItem\",\"position\":2,\"name\":\"Varusortiment\",\"item\":\"https:\\\/\\\/greentools.dk\\\/sv\\\/produkter\\\/\"},{\"@type\":\"ListItem\",\"position\":3,\"name\":\"Felco 640 grens\u00e5g med b\u00f6jd klinga\"}]},{\"@type\":\"WebSite\",\"@id\":\"https:\\\/\\\/greentools.dk\\\/sv\\\/#website\",\"url\":\"https:\\\/\\\/greentools.dk\\\/sv\\\/\",\"name\":\"Greentools\",\"description\":\"Dansk Kvalitets - Fuglekasser - Foderhuse - Felco Besk\u00e6rersakse\",\"potentialAction\":[{\"@type\":\"SearchAction\",\"target\":{\"@type\":\"EntryPoint\",\"urlTemplate\":\"https:\\\/\\\/greentools.dk\\\/sv\\\/?s={search_term_string}\"},\"query-input\":{\"@type\":\"PropertyValueSpecification\",\"valueRequired\":true,\"valueName\":\"search_term_string\"}}],\"inLanguage\":\"sv-SE\"}]}<\/script>\n<!-- \/ Yoast SEO plugin. -->","yoast_head_json":{"title":"Felco kvalitets grens\u00e5g 640 med b\u00f6jd klinge","description":"Felco grens\u00e5g 640 \u00e4r tillverkad i Schweiz och i tillverkningen anv\u00e4nds endast h\u00f6gkvalitativa material. Med en Felco grens\u00e5g 640 har du ett verktyg i enast\u00e5ende kvalitet.","robots":{"index":"index","follow":"follow","max-snippet":"max-snippet:-1","max-image-preview":"max-image-preview:large","max-video-preview":"max-video-preview:-1"},"canonical":"https:\/\/greentools.dk\/sv\/produkt\/felco-640-grensaag-bojd-klinga\/","og_locale":"sv_SE","og_type":"article","og_title":"Felco kvalitets grens\u00e5g 640 med b\u00f6jd klinge","og_description":"Felco grens\u00e5g 640 \u00e4r tillverkad i Schweiz och i tillverkningen anv\u00e4nds endast h\u00f6gkvalitativa material. Med en Felco grens\u00e5g 640 har du ett verktyg i enast\u00e5ende kvalitet.","og_url":"https:\/\/greentools.dk\/sv\/produkt\/felco-640-grensaag-bojd-klinga\/","og_site_name":"Greentools","article_modified_time":"2019-11-12T19:33:42+00:00","og_image":[{"width":1150,"height":1150,"url":"https:\/\/greentools.dk\/wp-content\/uploads\/2017\/10\/Felco-640-grensav.jpg","type":"image\/jpeg"}],"twitter_card":"summary_large_image","twitter_misc":{"Ber\u00e4knad l\u00e4stid":"1 minut"},"schema":{"@context":"https:\/\/schema.org","@graph":[{"@type":"WebPage","@id":"https:\/\/greentools.dk\/sv\/produkt\/felco-640-grensaag-bojd-klinga\/","url":"https:\/\/greentools.dk\/sv\/produkt\/felco-640-grensaag-bojd-klinga\/","name":"Felco kvalitets grens\u00e5g 640 med b\u00f6jd klinge","isPartOf":{"@id":"https:\/\/greentools.dk\/sv\/#website"},"primaryImageOfPage":{"@id":"https:\/\/greentools.dk\/sv\/produkt\/felco-640-grensaag-bojd-klinga\/#primaryimage"},"image":{"@id":"https:\/\/greentools.dk\/sv\/produkt\/felco-640-grensaag-bojd-klinga\/#primaryimage"},"thumbnailUrl":"https:\/\/greentools.dk\/wp-content\/uploads\/2017\/10\/Felco-640-grensav.jpg","datePublished":"2017-10-05T06:15:42+00:00","dateModified":"2019-11-12T19:33:42+00:00","description":"Felco grens\u00e5g 640 \u00e4r tillverkad i Schweiz och i tillverkningen anv\u00e4nds endast h\u00f6gkvalitativa material. Med en Felco grens\u00e5g 640 har du ett verktyg i enast\u00e5ende kvalitet.","breadcrumb":{"@id":"https:\/\/greentools.dk\/sv\/produkt\/felco-640-grensaag-bojd-klinga\/#breadcrumb"},"inLanguage":"sv-SE","potentialAction":[{"@type":"ReadAction","target":["https:\/\/greentools.dk\/sv\/produkt\/felco-640-grensaag-bojd-klinga\/"]}]},{"@type":"ImageObject","inLanguage":"sv-SE","@id":"https:\/\/greentools.dk\/sv\/produkt\/felco-640-grensaag-bojd-klinga\/#primaryimage","url":"https:\/\/greentools.dk\/wp-content\/uploads\/2017\/10\/Felco-640-grensav.jpg","contentUrl":"https:\/\/greentools.dk\/wp-content\/uploads\/2017\/10\/Felco-640-grensav.jpg","width":1150,"height":1150,"caption":"Felco 640 grensav med buet sk\u00e6r"},{"@type":"BreadcrumbList","@id":"https:\/\/greentools.dk\/sv\/produkt\/felco-640-grensaag-bojd-klinga\/#breadcrumb","itemListElement":[{"@type":"ListItem","position":1,"name":"Hjem","item":"https:\/\/greentools.dk\/sv\/"},{"@type":"ListItem","position":2,"name":"Varusortiment","item":"https:\/\/greentools.dk\/sv\/produkter\/"},{"@type":"ListItem","position":3,"name":"Felco 640 grens\u00e5g med b\u00f6jd klinga"}]},{"@type":"WebSite","@id":"https:\/\/greentools.dk\/sv\/#website","url":"https:\/\/greentools.dk\/sv\/","name":"Greentools","description":"Dansk Kvalitets - Fuglekasser - Foderhuse - Felco Besk\u00e6rersakse","potentialAction":[{"@type":"SearchAction","target":{"@type":"EntryPoint","urlTemplate":"https:\/\/greentools.dk\/sv\/?s={search_term_string}"},"query-input":{"@type":"PropertyValueSpecification","valueRequired":true,"valueName":"search_term_string"}}],"inLanguage":"sv-SE"}]}},"_links":{"self":[{"href":"https:\/\/greentools.dk\/sv\/wp-json\/wp\/v2\/product\/38687","targetHints":{"allow":["GET"]}}],"collection":[{"href":"https:\/\/greentools.dk\/sv\/wp-json\/wp\/v2\/product"}],"about":[{"href":"https:\/\/greentools.dk\/sv\/wp-json\/wp\/v2\/types\/product"}],"wp:featuredmedia":[{"embeddable":true,"href":"https:\/\/greentools.dk\/sv\/wp-json\/wp\/v2\/media\/38672"}],"wp:attachment":[{"href":"https:\/\/greentools.dk\/sv\/wp-json\/wp\/v2\/media?parent=38687"}],"wp:term":[{"taxonomy":"product_brand","embeddable":true,"href":"https:\/\/greentools.dk\/sv\/wp-json\/wp\/v2\/product_brand?post=38687"},{"taxonomy":"product_cat","embeddable":true,"href":"https:\/\/greentools.dk\/sv\/wp-json\/wp\/v2\/product_cat?post=38687"},{"taxonomy":"product_tag","embeddable":true,"href":"https:\/\/greentools.dk\/sv\/wp-json\/wp\/v2\/product_tag?post=38687"}],"curies":[{"name":"wp","href":"https:\/\/api.w.org\/{rel}","templated":true}]}}